{"id":583,"date":"2020-12-07T17:36:35","date_gmt":"2020-12-07T16:36:35","guid":{"rendered":"https:\/\/ruhrtaler.testservice.center\/history\/"},"modified":"2025-09-02T10:25:30","modified_gmt":"2025-09-02T08:25:30","slug":"history","status":"publish","type":"page","link":"https:\/\/www.ruhrtaler.de\/en\/history\/","title":{"rendered":"History"},"content":{"rendered":"<div class=\"wpb-content-wrapper\"><p>[vc_row full_width=&#8221;stretch_row_content&#8221; gap=&#8221;10&#8243; equal_height=&#8221;yes&#8221; content_placement=&#8221;middle&#8221; el_class=&#8221;ruhtalerfirstrow&#8221;][vc_column css=&#8221;.vc_custom_1601363204412{background-position: center !important;background-repeat: no-repeat !important;background-size: cover !important;}&#8221;][vc_row_inner][vc_column_inner width=&#8221;3\/12&#8243;][\/vc_column_inner][vc_column_inner width=&#8221;6\/12&#8243;][vc_column_text]<\/p>\n<h1 style=\"text-align: center;\">History<\/h1>\n<p><\/p>\n<p style=\"text-align: center;\">We are proud of over 100 years of company history!<\/p>\n<p><\/p>\n<p style=\"text-align: center;\">In doing so, we are looking forward to a continuous development, which will continue in the future.<\/p>\n<p>[\/vc_column_text][\/vc_column_inner][vc_column_inner width=&#8221;3\/12&#8243;][\/vc_column_inner][\/vc_row_inner][\/vc_column][\/vc_row][vc_row][vc_column]\t\t\t<!-- Cool Timeline Free V3.3.1 -->\n\t\t\t<div class=\"ctl-wrapper\" role=\"region\" aria-label=\"Timeline\">\n\t\t\t\t\t\t\t\t<div id=\"cool_timeline_1\" class=\"cool-timeline-wrapper ctl-both-sided ctl-vertical-wrapper ctl-clean-skin\" >\n\t\t\t\t\t<div class=\"ctl-start\"><\/div>\n\t\t\t\t\t<!-- Timeline Container -->\n\t\t\t\t\t<div class=\"ctl-timeline ctl-timeline-container\" data-animation=\"none\">\n\t\t\t\t\t\t<!-- Center Line -->\n\t\t\t\t\t\t<div class=\"ctl-inner-line\" role=\"presentation\"><\/div>\n\t\t\t\t\t\t\t\t\t\t\t\t<!-- Timeline Content --><div  id=\"ctl-story-2221\" class=\"ctl-story ctl-story-dot-icon odd ctl-story-left\" data-aos=\"none\"   data-story-index=\"1\" role=\"article\"><!-- Story Date --><div class=\"ctl-labels\"><div class=\"ctl-label-big story-date\">1913<\/div><\/div><!-- Story IconDot --><div class=\"ctl-icondot\"><\/div> <!-- Story Content --><div class=\"ctl-content\"><!-- Story Description --><div class=\"ctl-description\"><p>Gr\u00fcndung der Ruhrtaler Gesenkschmiede Kalthoff Wengeler durch Dipl. Ing. Friedhelm Wilhelm Wengeler und Fritz Kalthoff<\/p>\n<\/div><\/div><\/div><!-- Timeline Content --><div  id=\"ctl-story-2224\" class=\"ctl-story ctl-story-dot-icon even ctl-story-right\" data-aos=\"none\"   data-story-index=\"2\" role=\"article\"><!-- Story Date --><div class=\"ctl-labels\"><div class=\"ctl-label-big story-date\">1919<\/div><\/div><!-- Story IconDot --><div class=\"ctl-icondot\"><\/div> <!-- Story Content --><div class=\"ctl-content\"><!-- Story Description --><div class=\"ctl-description\"><p>Angliederung einer mechanischen Werkstatt im Unternehmen zur Bearbeitung der Schmiederohlinge<\/p>\n<\/div><\/div><\/div><!-- Timeline Content --><div  id=\"ctl-story-2227\" class=\"ctl-story ctl-story-dot-icon odd ctl-story-left\" data-aos=\"none\"   data-story-index=\"3\" role=\"article\"><!-- Story Date --><div class=\"ctl-labels\"><div class=\"ctl-label-big story-date\">1945<\/div><\/div><!-- Story IconDot --><div class=\"ctl-icondot\"><\/div> <!-- Story Content --><div class=\"ctl-content\"><!-- Story Description --><div class=\"ctl-description\"><p>Wiederaufbau und Modernisierung des Betriebs nach Kriegsende<\/p>\n<\/div><\/div><\/div><!-- Timeline Content --><div  id=\"ctl-story-2228\" class=\"ctl-story ctl-story-dot-icon even ctl-story-right\" data-aos=\"none\"   data-story-index=\"4\" role=\"article\"><!-- Story Date --><div class=\"ctl-labels\"><div class=\"ctl-label-big story-date\">1983<\/div><\/div><!-- Story IconDot --><div class=\"ctl-icondot\"><\/div> <!-- Story Content --><div class=\"ctl-content\"><!-- Story Description --><div class=\"ctl-description\"><p>Umgr\u00fcndung in die heutige Gesellschaftsform \u201eRuhrtaler Gesenkschmiede F.W. Wengeler GmbH &amp; Co. KG\u201d<\/p>\n<\/div><\/div><\/div><!-- Timeline Content --><div  id=\"ctl-story-2229\" class=\"ctl-story ctl-story-dot-icon odd ctl-story-left\" data-aos=\"none\"   data-story-index=\"5\" role=\"article\"><!-- Story Date --><div class=\"ctl-labels\"><div class=\"ctl-label-big story-date\">2000<\/div><\/div><!-- Story IconDot --><div class=\"ctl-icondot\"><\/div> <!-- Story Content --><div class=\"ctl-content\"><!-- Story Description --><div class=\"ctl-description\"><p>Erweiterung der Gesch\u00e4ftsfelder. Aufbau der Kompetenzen zur Fertigung von einbaufertigen Modul- und Bearbeitungsteilen.<\/p>\n<\/div><\/div><\/div><!-- Timeline Content --><div  id=\"ctl-story-2230\" class=\"ctl-story ctl-story-dot-icon even ctl-story-right\" data-aos=\"none\"   data-story-index=\"6\" role=\"article\"><!-- Story Date --><div class=\"ctl-labels\"><div class=\"ctl-label-big story-date\">2007<\/div><\/div><!-- Story IconDot --><div class=\"ctl-icondot\"><\/div> <!-- Story Content --><div class=\"ctl-content\"><!-- Story Description --><div class=\"ctl-description\"><p>Fortlaufende Modernisierung u.a. mit Aufstellung einer teilautomatisierten 20mt Hammerlinie und neuen Bearbeitungszentren in der mechanischen Fertigung<\/p>\n<\/div><\/div><\/div><!-- Timeline Content --><div  id=\"ctl-story-2231\" class=\"ctl-story ctl-story-dot-icon odd ctl-story-left\" data-aos=\"none\"   data-story-index=\"7\" role=\"article\"><!-- Story Date --><div class=\"ctl-labels\"><div class=\"ctl-label-big story-date\">2013<\/div><\/div><!-- Story IconDot --><div class=\"ctl-icondot\"><\/div> <!-- Story Content --><div class=\"ctl-content\"><!-- Story Description --><div class=\"ctl-description\"><p>Hundertj\u00e4hriges Firmenjubil\u00e4um bei einer Besch\u00e4ftigtenzahl von ca. 300 Mitarbeitern<\/p>\n<\/div><\/div><\/div><!-- Timeline Content --><div  id=\"ctl-story-2232\" class=\"ctl-story ctl-story-dot-icon even ctl-story-right\" data-aos=\"none\"   data-story-index=\"8\" role=\"article\"><!-- Story Date --><div class=\"ctl-labels\"><div class=\"ctl-label-big story-date\">2019<\/div><\/div><!-- Story IconDot --><div class=\"ctl-icondot\"><\/div> <!-- Story Content --><div class=\"ctl-content\"><!-- Story Description --><div class=\"ctl-description\"><div class=\"cd-timeline-content-area\">\n<p>Gefestigtes Produktportfolio und hohe Fertigungstiefe mit \u00fcber 200 Kunden weltweit<\/p>\n<p>Hohe Quote von Kundenindividuall\u00f6sungen mit einem Anteil von mehr als 60% an Bearbeitungs- und Modulbauteilen<\/p>\n<\/div>\n<\/div><\/div><\/div>\t\t\t\t\t<\/div>\n\t\t\t\t\t<div class=\"ctl-end\"><\/div>\n\t\t\t\t\t\t\t\t\t<\/div>\n\t\t\t<\/div>\n\t\t\t[\/vc_column][\/vc_row]<\/p>\n<\/div>","protected":false},"excerpt":{"rendered":"<p>[vc_row full_width=&#8221;stretch_row_content&#8221; gap=&#8221;10&#8243; equal_height=&#8221;yes&#8221; content_placement=&#8221;middle&#8221; el_class=&#8221;ruhtalerfirstrow&#8221;][vc_column css=&#8221;.vc_custom_1601363204412{background-position: center !important;background-repeat: no-repeat !important;background-size: cover !important;}&#8221;][vc_row_inner][vc_column_inner width=&#8221;3\/12&#8243;][\/vc_column_inner][vc_column_inner width=&#8221;6\/12&#8243;][vc_column_text] History We are proud of over 100 years of company history! In doing so, we are looking forward to a continuous development, which will continue in the future. [\/vc_column_text][\/vc_column_inner][vc_column_inner width=&#8221;3\/12&#8243;][\/vc_column_inner][\/vc_row_inner][\/vc_column][\/vc_row][vc_row][vc_column][\/vc_column][\/vc_row]<\/p>\n","protected":false},"author":1,"featured_media":0,"parent":0,"menu_order":0,"comment_status":"closed","ping_status":"closed","template":"","meta":{"inline_featured_image":false,"footnotes":""},"class_list":["post-583","page","type-page","status-publish","hentry"],"_links":{"self":[{"href":"https:\/\/www.ruhrtaler.de\/en\/wp-json\/wp\/v2\/pages\/583","targetHints":{"allow":["GET"]}}],"collection":[{"href":"https:\/\/www.ruhrtaler.de\/en\/wp-json\/wp\/v2\/pages"}],"about":[{"href":"https:\/\/www.ruhrtaler.de\/en\/wp-json\/wp\/v2\/types\/page"}],"author":[{"embeddable":true,"href":"https:\/\/www.ruhrtaler.de\/en\/wp-json\/wp\/v2\/users\/1"}],"replies":[{"embeddable":true,"href":"https:\/\/www.ruhrtaler.de\/en\/wp-json\/wp\/v2\/comments?post=583"}],"version-history":[{"count":3,"href":"https:\/\/www.ruhrtaler.de\/en\/wp-json\/wp\/v2\/pages\/583\/revisions"}],"predecessor-version":[{"id":2236,"href":"https:\/\/www.ruhrtaler.de\/en\/wp-json\/wp\/v2\/pages\/583\/revisions\/2236"}],"wp:attachment":[{"href":"https:\/\/www.ruhrtaler.de\/en\/wp-json\/wp\/v2\/media?parent=583"}],"curies":[{"name":"wp","href":"https:\/\/api.w.org\/{rel}","templated":true}]}}